{"id":2454,"date":"2018-05-04T10:25:43","date_gmt":"2018-05-04T08:25:43","guid":{"rendered":"http:\/\/kontakte-kontakty.de\/?page_id=2454"},"modified":"2019-04-18T12:47:25","modified_gmt":"2019-04-18T10:47:25","slug":"datenschutz","status":"publish","type":"page","link":"https:\/\/kontakte-kontakty.de\/ru\/datenschutz\/","title":{"rendered":"Datenschutzerkl\u00e4rung"},"content":{"rendered":"\n<h2 class=\"wp-block-heading\">1. Allgemeine Informationen<\/h2>\n\n\n\n<p>Wir freuen uns sehr \u00fcber Ihr Interesse an unserem Verein.\nDatenschutz hat einen&nbsp; hohen Stellenwert\nf\u00fcr den Vorstand. Eine Nutzung der Internetseiten von KONTAKTE-KOHTAKTbI e.V.\nist grunds\u00e4tzlich ohne jede Angabe personenbezogener Daten m\u00f6glich. Sofern eine\nbetroffene Person besondere Services unseres Vereins \u00fcber unsere Internetseite\nin An\u00adspruch nehmen m\u00f6chte, k\u00f6nnte jedoch eine Verarbeitung personenbezogener\nDaten erfor\u00adderlich werden. Ist die Verarbeitung personenbezogener Daten\nerforderlich und besteht f\u00fcr eine solche Verarbeitung keine gesetzliche\nGrundlage, holen wir generell eine Einwilligung der betroffenen Person ein.<\/p>\n\n\n\n<p>Die Verarbeitung personenbezogener Daten, beispielsweise des\nNamens, der Anschrift, E-Mail-Adresse oder Telefonnummer einer betroffenen\nPerson, erfolgt stets im Einklang mit der Datenschutz-Grundverordnung (DSGVO)\nund in \u00dcbereinstimmung mit den f\u00fcr die KONTAKTE-KOHTAKTbI e.V. geltenden\nlandesspezifischen Datenschutzbestimmungen. Mittels dieser Datenschutzerkl\u00e4rung\nm\u00f6chten wir die \u00d6ffentlichkeit \u00fcber Art, Umfang und Zweck der von uns\nerhobenen, genutzten und verarbeiteten personenbezogenen Daten informieren.\nFerner werden betroffene Personen mittels dieser Datenschutzerkl\u00e4rung \u00fcber die\nihnen zustehenden Rechte aufgekl\u00e4rt.<\/p>\n\n\n\n<p>KONTAKTE-KOHTAKTbI e.V. hat als f\u00fcr die Verarbeitung\nVerantwortlicher und Betreiber der Internetseiten zahlreiche technische und\norganisatorische Ma\u00dfnahmen umgesetzt, um einen m\u00f6glichst l\u00fcckenlosen Schutz der\n\u00fcber diese Internetseite verarbeiteten personen\u00adbezogenen Daten\nsicherzustellen. Dennoch k\u00f6nnen Internetbasierte Daten\u00fcbertragungen\ngrunds\u00e4tzlich Sicherheitsl\u00fccken aufweisen, sodass ein absoluter Schutz nicht\ngew\u00e4hrleis\u00adtet werden kann. Aus diesem Grund steht es jeder betroffenen Person\nfrei, personenbezo\u00adgene Daten auch auf alternativen Wegen, beispielsweise\ntelefonisch, an uns zu \u00fcbermit\u00adteln.<\/p>\n\n\n\n<h2 class=\"wp-block-heading\">2. Begriffsbestimmungen<\/h2>\n\n\n\n<p>Die Datenschutzerkl\u00e4rung von KONTAKTE-KOHTAKTbI e.V. beruht auf\nden Begrifflichkei\u00adten, die durch den Europ\u00e4ischen Richtlinien- und\nVerordnungsgeber beim Erlass der Da\u00adtenschutz-Grundverordnung (DS-GVO)\nverwendet wurden. Unsere Datenschutzerkl\u00e4rung soll sowohl f\u00fcr die\n\u00d6ffentlichkeit als auch f\u00fcr unsere Kunden und Gesch\u00e4ftspartner einfach lesbar\nund verst\u00e4ndlich sein. Um dies zu gew\u00e4hrleisten, m\u00f6chten wir vorab die verwende\u00adten\nBegrifflichkeiten erl\u00e4utern.<\/p>\n\n\n\n<p>Wir verwenden in dieser Datenschutzerkl\u00e4rung unter anderem die\nfolgenden Begriffe:<\/p>\n\n\n\n<h3 class=\"wp-block-heading\">2.1 Personenbezogene Daten<\/h3>\n\n\n\n<p>Personenbezogene Daten\nsind alle Informationen, die sich auf eine identifizierte oder identifizierbare\nnat\u00fcrliche Person (im Folgenden \u201ebetroffene Person\u201c) bezie\u00adhen. Als\nidentifizierbar wird eine nat\u00fcrliche Person angesehen, die direkt oder indi\u00adrekt,\ninsbesondere mittels Zuordnung zu einer Kennung wie einem Namen, zu einer\nKennnummer, zu Standortdaten, zu einer Online-Kennung (IP-Adresse) oder zu ei\u00adnem\noder mehreren besonderen Merkmalen, die Ausdruck der physischen, physio\u00adlogischen,\ngenetischen, psychischen, wirtschaftlichen, kulturellen oder sozialen Identit\u00e4t\ndieser nat\u00fcrlichen Person sind, identifiziert werden kann.<\/p>\n\n\n\n<h3 class=\"wp-block-heading\">2.2 Betroffene Person<\/h3>\n\n\n\n<p>Betroffene Person ist jede\nidentifizierte oder identifizierbare nat\u00fcrliche Person, de\u00adren personenbezogene\nDaten von dem f\u00fcr die Verarbeitung Verantwortlichen verar\u00adbeitet werden.<\/p>\n\n\n\n<h3 class=\"wp-block-heading\">2.3 Verarbeitung<\/h3>\n\n\n\n<p>Verarbeitung ist jeder mit\noder ohne Hilfe automatisierter Verfahren ausgef\u00fchrte Vorgang oder jede solche\nVorgangsreihe im Zusammenhang mit personenbezoge\u00adnen Daten wie das Erheben, das\nErfassen, die Organisation, das Ordnen, die Spei\u00adcherung, die Anpassung oder\nVer\u00e4nderung, das Auslesen, das Abfragen, die Ver\u00adwendung, die Offenlegung durch\n\u00dcbermittlung, Verbreitung oder eine andere Form der Bereitstellung, den\nAbgleich oder die Verkn\u00fcpfung, die Einschr\u00e4nkung, das L\u00f6\u00adschen oder die\nVernichtung.<\/p>\n\n\n\n<h3 class=\"wp-block-heading\">2.4 Einschr\u00e4nkung der Verarbeitung<\/h3>\n\n\n\n<p>Einschr\u00e4nkung der\nVerarbeitung ist die Markierung gespeicherter personenbezoge\u00adner Daten mit dem\nZiel, ihre k\u00fcnftige Verarbeitung w\u00e4hrend der gesetzlichen Aufbe\u00adwahrungsfristen\neinzuschr\u00e4nken. Das bedeutet, dass die Daten zwar noch gespei\u00adchert sind, aber\nlediglich f\u00fcr bestimmte Verarbeitungen, wie zum Beispiel die Pr\u00fc\u00adfung durch\nFinanzbeh\u00f6rden, genutzt werden k\u00f6nnen.<\/p>\n\n\n\n<h3 class=\"wp-block-heading\">2.5 Profiling<\/h3>\n\n\n\n<p>Profiling ist jede Art der\nautomatisierten Verarbeitung personenbezogener Daten, die darin besteht, dass\ndiese personenbezogenen Daten verwendet werden, um be\u00adstimmte pers\u00f6nliche\nAspekte, die sich auf eine nat\u00fcrliche Person beziehen, zu be\u00adwerten,\ninsbesondere, um Aspekte bez\u00fcglich Arbeitsleistung, wirtschaftlicher Lage,\nGesundheit, pers\u00f6nlicher Vorlieben, Interessen, Zuverl\u00e4ssigkeit, Verhalten,\nAufent\u00adhaltsort oder Ortswechsel dieser nat\u00fcrlichen Person zu analysieren oder\nvorherzu\u00adsagen.<\/p>\n\n\n\n<h3 class=\"wp-block-heading\">2.6 Pseudonymisierung<\/h3>\n\n\n\n<p>Pseudonymisierung ist die\nVerarbeitung personenbezogener Daten in einer Weise, auf welche die\npersonenbezogenen Daten ohne Hinzuziehung zus\u00e4tzlicher Informa\u00adtionen nicht\nmehr einer spezifischen betroffenen Person zugeordnet werden k\u00f6n\u00adnen, sofern\ndiese zus\u00e4tzlichen Informationen gesondert aufbewahrt werden und technischen\nund organisatorischen Ma\u00dfnahmen unterliegen, die gew\u00e4hrleisten, dass die\npersonenbezogenen Daten nicht einer identifizierten oder identifizierbaren\nnat\u00fcrlichen Person zugewiesen werden.<\/p>\n\n\n\n<h3 class=\"wp-block-heading\">2.7 Verantwortlicher oder f\u00fcr die Verarbeitung Verantwortlicher<\/h3>\n\n\n\n<p>Verantwortlicher oder f\u00fcr\ndie Verarbeitung Verantwortlicher ist die nat\u00fcrliche oder ju\u00adristische Person,\nBeh\u00f6rde, Einrichtung oder andere Stelle, die allein oder gemein\u00adsam mit anderen\n\u00fcber die Zwecke und Mittel der Verarbeitung von personenbezo\u00adgenen Daten\nentscheidet. Sind die Zwecke und Mittel dieser Verarbeitung durch das\nUnionsrecht oder das Recht der Mitgliedstaaten vorgegeben, so kann der Ver\u00adantwortliche\nbeziehungsweise k\u00f6nnen die bestimmten Kriterien seiner Benennung nach dem\nUnionsrecht oder dem Recht der Mitgliedstaaten vorgesehen werden.<\/p>\n\n\n\n<h3 class=\"wp-block-heading\">2.8 Gemeinsam Verantwortliche<\/h3>\n\n\n\n<p>Verarbeiten mehrere\nUnternehmen gemeinsam personenbezogene Daten und le\u00adgen im Rahmen von\ngemeinsamen Aufgaben oder gemeinsamen Projekten die Zwecke der und die Mittel\nzur Verarbeitung fest, so k\u00f6nnen diese Unternehmen nach Art. 26 DSGVO als\n\u201eGemeinsam Verantwortliche\u201c gemeinsame Datenschutz\u00adregelungen vereinbaren und\nauch gemeinsam die Rechte der Betroffenen umset\u00adzen.<\/p>\n\n\n\n<h3 class=\"wp-block-heading\">2.9 Auftragsverarbeiter<\/h3>\n\n\n\n<p>Auftragsverarbeiter ist\neine nat\u00fcrliche oder juristische Person, Beh\u00f6rde, Einrichtung oder andere\nStelle, die personenbezogene Daten im&nbsp;\nAuftrag des Verantwortlichen verarbeitet.<\/p>\n\n\n\n<h3 class=\"wp-block-heading\">2.10 Empf\u00e4nger<\/h3>\n\n\n\n<p>Empf\u00e4nger ist eine\nnat\u00fcrliche oder juristische Person, Beh\u00f6rde, Einrichtung oder andere Stelle,\nder personenbezogene Daten offengelegt werden, unabh\u00e4ngig davon, ob es sich bei\nihr um einen Dritten handelt oder nicht. Beh\u00f6rden, die im Rah\u00admen eines\nbestimmten Untersuchungsauftrags nach dem Unionsrecht oder dem Recht der\nMitgliedstaaten m\u00f6glicherweise personenbezogene Daten erhalten, gel\u00adten jedoch\nnicht als Empf\u00e4nger.<\/p>\n\n\n\n<h3 class=\"wp-block-heading\">2.11 Dritter<\/h3>\n\n\n\n<p>Dritter ist eine\nnat\u00fcrliche oder juristische Person, Beh\u00f6rde, Einrichtung oder andere Stelle\nau\u00dfer der betroffenen Person, dem Verantwortlichen, dem Auftragsverarbei\u00adter\nund den Personen, die unter der unmittelbaren Verantwortung des Verantwortli\u00adchen\noder des Auftragsverarbeiters befugt sind, die personenbezogenen Daten zu\nverarbeiten.<\/p>\n\n\n\n<h3 class=\"wp-block-heading\">2.12 Einwilligung<\/h3>\n\n\n\n<p>Einwilligung ist jede von\nder betroffenen Person freiwillig f\u00fcr den bestimmten Fall in informierter Weise\nund unmissverst\u00e4ndlich abgegebene Willensbekundung in Form einer Erkl\u00e4rung oder\neiner sonstigen eindeutigen best\u00e4tigenden Handlung, mit der die betroffene\nPerson zu verstehen gibt, dass sie mit der Verarbeitung der sie be\u00adtreffenden\npersonenbezogenen Daten einverstanden ist.<\/p>\n\n\n\n<h2 class=\"wp-block-heading\">3. Ansprechpartner<\/h2>\n\n\n\n<p>Verantwortlicher im Sinne der Datenschutz-Grundverordnung, sonstiger\nin den Mitglieds\u00adtaaten der Europ\u00e4ischen Union geltenden Datenschutzgesetze und\nanderer Bestimmun\u00adgen mit datenschutzrechtlichem Charakter ist die:<\/p>\n\n\n\n<p>KONTAKTE-KOHTAKTbI e.V.<\/p>\n\n\n\n<p>Feurigstr. 68<\/p>\n\n\n\n<p>10827 Berlin<\/p>\n\n\n\n<p>Deutschland<\/p>\n\n\n\n<p>Tel.: 030 78705288<\/p>\n\n\n\n<p>E-Mail: info@kontakte-kontakty.de<\/p>\n\n\n\n<p>Website: www.kontakte-kontakty.de<\/p>\n\n\n\n<h3 class=\"wp-block-heading\">3.1 Berliner Beauftragte f\u00fcr Datenschutz und Informationsfreiheit<\/h3>\n\n\n\n<p>Friedrichstr. 219<\/p>\n\n\n\n<p>10969 Berlin<\/p>\n\n\n\n<p>mailbox@datenschutz-berlin.de<\/p>\n\n\n\n<p>www.datenschutz-berlin.de<\/p>\n\n\n\n<p>Jede betroffene Person kann sich jederzeit bei allen Fragen und\nAnregungen zum Daten\u00adschutz direkt an unseren Datenschutzbeauftragten wenden.<\/p>\n\n\n\n<h2 class=\"wp-block-heading\">4. Datenschutzinformation nach Art. 13 und Art. 14 EU DSGVO<\/h2>\n\n\n\n<p>Als\nVerantwortliche haben wir geeignete Ma\u00dfnahmen getroffen, um der betroffenen Per\u00adson\nalle Informationen gem\u00e4\u00df den <a href=\"https:\/\/dsgvo-gesetz.de\/art-13-dsgvo\/\">Artikeln 13<\/a> und <a href=\"https:\/\/dsgvo-gesetz.de\/art-14-dsgvo\/\">14<\/a>\nund alle Mitteilungen gem\u00e4\u00df den <a href=\"https:\/\/dsgvo-gesetz.de\/art-15-dsgvo\/\">Ar\u00adtikeln 15<\/a> bis <a href=\"https:\/\/dsgvo-gesetz.de\/art-22-dsgvo\/\">22<\/a>\nund <a href=\"https:\/\/dsgvo-gesetz.de\/art-34-dsgvo\/\">Artikel 34<\/a>, die sich auf die Verarbeitung beziehen, in pr\u00e4ziser, transpa\u00adrenter,\nverst\u00e4ndlicher und leicht zug\u00e4nglicher Form in einer klaren und einfachen\nSprache zu \u00fcbermitteln.<\/p>\n\n\n\n<p>Sie\nk\u00f6nnen diese Informationen entweder direkt bei Ihrem Ansprechpartner unseres\nUnter\u00adnehmens anfordern beziehungsweise einsehen, unter\ninfo@kontakte-kontakty.de&nbsp; anfor\u00addern\noder hier auf unserer Internet-Seite herunterladen. <\/p>\n\n\n\n<h2 class=\"wp-block-heading\">5. Cookies<\/h2>\n\n\n\n<p>Wenn Sie die KONTAKTE-KOHTAKTbI-Website besuchen und in Ihren\nBrowsereinstellun\u00adgen die Annahme von Cookies akzeptiert haben, bedeutet das\nf\u00fcr uns, dass Sie die&nbsp; Ange\u00adbote von\nKONTAKTE-KOHTAKTbI e.V. nutzen wollen.<\/p>\n\n\n\n<h3 class=\"wp-block-heading\">5.1 Was sind Cookies?<\/h3>\n\n\n\n<p>Cookies sind kleine Textdateien, die auf Ihrem Computer oder\nsonstigem Endger\u00e4t gespei\u00adchert werden, wenn Sie eine Website besuchen. Cookies\nwerden dann bei jedem k\u00fcnfti\u00adgen Besuch zur\u00fcck an die Website gesendet, von der\nsie stammen. <br>\nCookies haben den Vorteil, dass wir Ihnen die Benutzung unserer Website damit\nerleich\u00adtern k\u00f6nnen. Wir k\u00f6nnen mit Hilfe der Cookies Bewegungen auf der\nWebsite erkennen und die Nutzung des Websiteangebots auswerten. Langfristig\nf\u00fchrt dies zu einer Verbes\u00adserung des Webangebots und der Benutzerfreundlichkeit\nder Website.<\/p>\n\n\n\n<h3 class=\"wp-block-heading\">5.2 Cookies und wie sie von KONTAKTE-KOHTAKTbI e.V. eingesetzt werden<\/h3>\n\n\n\n<p>Wenn Sie die Website von KONTAKTE-KOHTAKTbI e.V. nutzen, stimmen\nSie der Nutzung und der Speicherung von Cookies zu. Die meisten Browser\nspeichern Cookies automa\u00adtisch. <br>\nNat\u00fcrlich k\u00f6nnen Sie die Website auch ohne das Akzeptieren der Cookies\nbetrachten. <\/p>\n\n\n\n<p>KONTAKTE-KOHTAKTbI e.V. analysiert grunds\u00e4tzlich keine Ihrer\nBewegungen, wenn Sie:<br>\n&#8211; keine Cookies zulassen<br>\n&#8211; in Ihrem Browser die DoNotTrack-Option aktiviert haben<br>\n&#8211; die Opt-Out-Funktion aktiviert haben <a href=\"https:\/\/www.cambio-carsharing.de\/cms\/carsharing\/de\/1\/cms_f2_8\/cms?cms_knschluessel=COOKIERICHTLINIEN#titel_b0e035cc-8edd-406e-86e8-04294cb347e5\">(siehe &#8220;Cookies\nverwalten&#8221;)<\/a><\/p>\n\n\n\n<p>Wie die Annahme von Cookies deaktiviert wird bzw. die\nDoNotTrack-Funktion aktiviert wird, unterscheidet sich von Internetbrowser zu\nInternetbrowser. Eine Anleitung ist in der Regel im Hilfebereich des\nInternetbrowsers zu finden.<\/p>\n\n\n\n<h3 class=\"wp-block-heading\">5.3 Cookie-Varianten bei KONTAKTE-KOHTAKTbI e.V.<\/h3>\n\n\n\n<p>Generell verwendet KONTAKTE-KOHTAKTbI e.V. zwei verschiedene\nCookie-Varianten:<\/p>\n\n\n\n<p><strong>Session-Cookies:<\/strong><br>\nDiese Cookies sind tempor\u00e4r, d.h. sie bleiben nur f\u00fcr die Dauer Ihres Besuches\nauf der Website auf Ihrer Festplatte und werden beim Schlie\u00dfen des Browsers\nautomatisch wie\u00adder gel\u00f6scht. <br>\nKONTAKTE-KOHTAKTbI e.V. setzt Session-Cookies ein, um eine ununterbrochene\nIdenti\u00adfizierung w\u00e4hrend eines Besuchs des Kontaktbereichs und somit dessen\nFunktionalit\u00e4t zu gew\u00e4hrleisten. <br>\nVerwenden Sie den <strong>Kontaktbereich<\/strong>, so\nist es deshalb zwingend notwendig, dass Ihr Browser Session-Cookies akzeptiert.<\/p>\n\n\n\n<p><strong>Cookies mit l\u00e4ngerer\nLaufzeit:<\/strong><br>\nCookies mit l\u00e4ngerer Laufzeit dienen ausschlie\u00dflich der Analyse der\nWebsite-Nutzung, da\u00admit wir deren Leistung stetig verbessern k\u00f6nnen.<\/p>\n\n\n\n<h3 class=\"wp-block-heading\">5.4 Cookies verwalten (Opt-Out)<\/h3>\n\n\n\n<p>Wenn Sie nicht m\u00f6chten, dass KONTAKTE-KOHTAKTbI e.V. irgendwelche\nInformationen \u00fcber Ihr Surfverhalten speichert und analysiert, k\u00f6nnen Sie dem\njederzeit widersprechen (Opt-Out). <br>\nStimmen Sie dem Ablegen eines Cookies nicht zu, wird in Ihrem Browser ein Opt-Out-Cookie\nabgelegt. Dieses Cookie enth\u00e4lt keinerlei Informationen und dient\nausschlie\u00dflich dazu, Ihnen Ihren Widerspruch zuordnen zu k\u00f6nnen.<\/p>\n\n\n\n<h3 class=\"wp-block-heading\">5.5 Hinweis zum Opt-Out-Cookie<\/h3>\n\n\n\n<p>Wenn Sie Ihre Cookies l\u00f6schen, wird auch das Opt-Out Cookie\ngel\u00f6scht. Das Opt-Out Verfahren muss dann erneut durchgef\u00fchrt werden.<br>\nWenn Sie verschiedene Browser oder sonstige Endger\u00e4te nutzen, dann muss das\nOpt-Out Verfahren f\u00fcr jeden einzelnen Browser und jedes Ger\u00e4t, mit dem Sie die\nWebsite von KONTAKTE-KOHTAKTbI e.V. nutzen, ebenfalls durchgef\u00fchrt werden. Wir\nk\u00f6nnen nicht er\u00adkennen, ob es sich um dieselbe Person oder um dasselbe Endger\u00e4t\noder Browser handelt.<\/p>\n\n\n\n<h2 class=\"wp-block-heading\">6. Erhebung von allgemeinen Daten und Informationen<\/h2>\n\n\n\n<p>Die Internetseite der KONTAKTE-KOHTAKTbI e.V. erfasst mit jedem\nAufruf der Internet\u00adseite durch eine betroffene Person oder ein automatisiertes\nSystem eine Reihe von allge\u00admeinen Daten und Informationen. Diese allgemeinen\nDaten und Informationen werden in den Logfiles des Servers gespeichert. Erfasst\nwerden k\u00f6nnen die (1) verwendeten Brow\u00adsertypen und Versionen, (2) das vom\nzugreifenden System verwendete Betriebssystem, (3) die Internetseite, von\nwelcher ein zugreifendes System auf unsere Internetseite gelangt (sogenannte\nReferrer), (4) die Unterwebseiten, welche \u00fcber ein zugreifendes System auf\nunserer Internetseite angesteuert werden, (5) das Datum und die Uhrzeit eines\nZugriffs auf die Internetseite, (6) eine Internet-Protokoll-Adresse\n(IP-Adresse), (7) der Internet-Service-Provider des zugreifenden Systems und\n(8) sonstige \u00e4hnliche Daten und Informationen, die der Gefahrenabwehr im Falle\nvon Angriffen auf unsere informationstechnologischen Systeme dienen.<\/p>\n\n\n\n<p>Bei der Nutzung dieser allgemeinen Daten und Informationen zieht\nKONTAKTE-KOHT\u00adAKTbI e.V. keine R\u00fcckschl\u00fcsse auf die betroffene Person. Diese\nInformationen werden vielmehr ben\u00f6tigt, um (1) die Inhalte unserer\nInternetseite korrekt auszuliefern, (2) die In\u00adhalte unserer Internetseite\nsowie die Werbung f\u00fcr diese zu optimieren, (3) die dauerhafte\nFunktionsf\u00e4higkeit unserer informationstechnologischen Systeme und der Technik\nunserer Internetseite zu gew\u00e4hrleisten sowie (4) um Strafverfolgungsbeh\u00f6rden im\nFalle eines Cy\u00adberangriffes die zur Strafverfolgung notwendigen Informationen\nbereitzustellen. Diese an\u00adonym erhobenen Daten und Informationen werden durch\nKONTAKTE-KOHTAKTbI e.V. daher einerseits statistisch und ferner mit dem Ziel\nausgewertet, den Datenschutz und die Datensicherheit in unserem Unternehmen zu\nerh\u00f6hen, um letztlich ein optimales Schutzni\u00adveau f\u00fcr die von uns verarbeiteten\npersonenbezogenen Daten sicherzustellen. Die anony\u00admen Daten der\nServer-Logfiles werden getrennt von allen durch eine betroffene Person\nangegebenen personenbezogenen Daten gespeichert.<\/p>\n\n\n\n<h3 class=\"wp-block-heading\">6.1 Kontaktm\u00f6glichkeit \u00fcber die Internetseite<\/h3>\n\n\n\n<p>Die Internetseite von KONTAKTE-KOHTAKTbI e.V. enth\u00e4lt aufgrund von\ngesetzlichen Vor\u00adschriften Angaben, die eine schnelle elektronische\nKontaktaufnahme zu unserem Unter\u00adnehmen sowie eine unmittelbare Kommunikation\nmit uns erm\u00f6glichen, was ebenfalls eine allgemeine Adresse der sogenannten elektronischen\nPost (E-Mail-Adresse) umfasst. So\u00adfern eine betroffene Person per E-Mail oder\n\u00fcber ein Kontaktformular den Kontakt mit dem f\u00fcr die Verarbeitung\nVerantwortlichen aufnimmt, werden die von der betroffenen Person \u00fcbermittelten\npersonenbezogenen Daten automatisch gespeichert. Solche auf freiwilliger Basis\nvon einer betroffenen Person an den f\u00fcr die Verarbeitung Verantwortlichen\n\u00fcbermit\u00adtelten personenbezogenen Daten werden f\u00fcr Zwecke der Bearbeitung oder\nder Kon\u00adtaktaufnahme zur betroffenen Person gespeichert. Es erfolgt keine\nWeitergabe dieser per\u00adsonenbezogenen Daten an Dritte.<\/p>\n\n\n\n<h3 class=\"wp-block-heading\">6.2 Routinem\u00e4\u00dfige L\u00f6schung und Sperrung von personenbezogenen Daten<\/h3>\n\n\n\n<p>Der f\u00fcr die Verarbeitung Verantwortliche verarbeitet und speichert\npersonenbezogene Da\u00adten der betroffenen Person nur f\u00fcr den Zeitraum, der zur\nErreichung des Speicherungs\u00adzwecks erforderlich ist oder sofern dies durch den\nEurop\u00e4ischen Richtlinien- und Verord\u00adnungsgeber oder einen anderen Gesetzgeber\nin Gesetzen oder Vorschriften, welchen der f\u00fcr die Verarbeitung Verantwortliche\nunterliegt, vorgesehen wurde.<\/p>\n\n\n\n<p>Entf\u00e4llt der Speicherungszweck oder l\u00e4uft eine vom Europ\u00e4ischen\nRichtlinien- und Verord\u00adnungsgeber oder einem anderen zust\u00e4ndigen Gesetzgeber\nvorgeschriebene Speicherfrist ab, werden die personenbezogenen Daten\nroutinem\u00e4\u00dfig und entsprechend den gesetzli\u00adchen Vorschriften gesperrt oder\ngel\u00f6scht.<\/p>\n\n\n\n<h2 class=\"wp-block-heading\">7. Rechtsgrundlage der Verarbeitung<\/h2>\n\n\n\n<p>Art. 6 I lit. a DS-GVO dient unserem Unternehmen als\nRechtsgrundlage f\u00fcr Verarbeitungs\u00advorg\u00e4nge, bei denen wir eine Einwilligung f\u00fcr\neinen bestimmten Verarbeitungszweck ein\u00adholen. Ist die Verarbeitung\npersonenbezogener Daten zur Erf\u00fcllung eines Vertrags, dessen Vertragspartei die\nbetroffene Person ist, erforderlich, wie dies beispielsweise bei Verarbei\u00adtungsvorg\u00e4ngen\nder Fall ist, die f\u00fcr eine Lieferung von Waren oder die Erbringung einer\nsonstigen Leistung oder Gegenleistung notwendig sind, so beruht die\nVerarbeitung auf Art. 6 I lit. b DS-GVO. Gleiches gilt f\u00fcr solche\nVerarbeitungsvorg\u00e4nge die zur Durchf\u00fchrung vorvertraglicher Ma\u00dfnahmen erforderlich\nsind, etwa in F\u00e4llen von Anfragen zur unseren Produkten oder Leistungen.\nUnterliegt unser Unternehmen einer rechtlichen Verpflichtung durch welche eine\nVerarbeitung von personenbezogenen Daten erforderlich wird, wie bei\u00adspielsweise\nzur Erf\u00fcllung steuerlicher Pflichten, so basiert die Verarbeitung auf Art. 6 I\nlit. c DS-GVO. In seltenen F\u00e4llen k\u00f6nnte die Verarbeitung von personenbezogenen\nDaten erfor\u00adderlich werden, um lebenswichtige Interessen der betroffenen Person\noder einer anderen nat\u00fcrlichen Person zu sch\u00fctzen. Dies w\u00e4re beispielsweise der\nFall, wenn ein Besucher in unserem Betrieb verletzt werden w\u00fcrde und daraufhin\nsein Name, sein Alter, seine Kran\u00adkenkassendaten oder sonstige lebenswichtige\nInformationen an einen Arzt, ein Kranken\u00adhaus oder sonstige Dritte\nweitergegeben werden m\u00fcssten. Dann w\u00fcrde die Verarbeitung auf Art. 6 I lit. d\nDS-GVO beruhen. Letztlich k\u00f6nnten Verarbeitungsvorg\u00e4nge auf Art. 6 I lit. f\nDS-GVO beruhen. Auf dieser Rechtsgrundlage basieren Verarbeitungsvorg\u00e4nge, die\nvon keiner der vorgenannten Rechtsgrundlagen erfasst werden, wenn die\nVerarbeitung zur Wahrung eines berechtigten Interesses unseres Unternehmens\noder eines Dritten erfor\u00adderlich ist, sofern die Interessen, Grundrechte und\nGrundfreiheiten des Betroffenen nicht \u00fcberwiegen. Solche Verarbeitungsvorg\u00e4nge\nsind uns insbesondere deshalb gestattet, weil sie durch den Europ\u00e4ischen\nGesetzgeber besonders erw\u00e4hnt wurden. Er vertrat insoweit die Auffassung, dass\nein berechtigtes Interesse anzunehmen sein k\u00f6nnte, wenn die betrof\u00adfene Person\nein Kunde des Verantwortlichen ist (Erw\u00e4gungsgrund 47 Satz 2 DS-GVO). <\/p>\n\n\n\n<h3 class=\"wp-block-heading\">7.1 Berechtigte Interessen an der Verarbeitung, die von dem Verantwortlichen oder einem Dritten verfolgt werden<\/h3>\n\n\n\n<p>Basiert die Verarbeitung personenbezogener Daten auf Artikel 6 I\nlit. f DS-GVO ist unser berechtigtes Interesse die Durchf\u00fchrung unserer\nGesch\u00e4ftst\u00e4tigkeit zugunsten des Wohl\u00adergehens all unserer Mitarbeiter und\nunserer Anteilseigner.<\/p>\n\n\n\n<h3 class=\"wp-block-heading\">7.2 Dauer, f\u00fcr die die personenbezogenen Daten gespeichert werden<\/h3>\n\n\n\n<p>Das Kriterium f\u00fcr die Dauer der Speicherung von personenbezogenen\nDaten ist die jewei\u00adlige gesetzliche Aufbewahrungsfrist. Nach Ablauf der Frist\nwerden die entsprechenden Da\u00adten routinem\u00e4\u00dfig gel\u00f6scht, sofern sie nicht mehr\nzur Vertragserf\u00fcllung oder Vertragsan\u00adbahnung erforderlich sind.<\/p>\n\n\n\n<h3 class=\"wp-block-heading\">7.3 Gesetzliche oder vertragliche Vorschriften zur Bereitstellung der personenbe\u00adzogenen Daten; Erforderlichkeit f\u00fcr den Vertragsabschluss; Verpflichtung der betroffenen Person, die personenbezogenen Daten bereitzustellen; m\u00f6gliche Folgen der Nichtbereitstellung<\/h3>\n\n\n\n<p>Wir kl\u00e4ren Sie dar\u00fcber auf, dass die Bereitstellung\npersonenbezogener Daten zum Teil ge\u00adsetzlich vorgeschrieben ist (z.B.\nSteuervorschriften) oder sich auch aus vertraglichen Re\u00adgelungen (z.B. Angaben\nzum Vertragspartner) ergeben kann. Mitunter kann es zu einem Vertragsschluss\nerforderlich sein, dass eine betroffene Person uns personenbezogene Da\u00adten zur\nVerf\u00fcgung stellt, die in der Folge durch uns verarbeitet werden m\u00fcssen. Die\nbetrof\u00adfene Person ist beispielsweise verpflichtet uns personenbezogene Daten\nbereitzustellen, wenn unser Unternehmen mit ihr einen Vertrag abschlie\u00dft. Eine\nNichtbereitstellung der personenbezogenen Daten h\u00e4tte zur Folge, dass der\nVertrag mit dem Betroffenen nicht geschlossen werden k\u00f6nnte. Vor einer\nBereitstellung personenbezogener Daten durch den Betroffenen muss sich der\nBetroffene an unseren Datenschutzbeauftragten wenden. Un\u00adser\nDatenschutzbeauftragter kl\u00e4rt den Betroffenen einzelfallbezogen dar\u00fcber auf, ob\ndie Bereitstellung der personenbezogenen Daten gesetzlich oder vertraglich\nvorgeschrieben oder f\u00fcr den Vertragsabschluss erforderlich ist, ob eine\nVerpflichtung besteht, die perso\u00adnenbezogenen Daten bereitzustellen, und welche\nFolgen die Nichtbereitstellung der per\u00adsonenbezogenen Daten h\u00e4tte. <\/p>\n\n\n\n<h2 class=\"wp-block-heading\">8. Bestehen einer automatisierten Entscheidungsfindung<\/h2>\n\n\n\n<p>Als verantwortungsbewusstes Unternehmen verzichten wir auf eine\nautomatische Ent\u00adscheidungsfindung oder ein Profiling.<\/p>\n\n\n\n<h2 class=\"wp-block-heading\">9. Rechte der betroffenen Person<\/h2>\n\n\n\n<h3 class=\"wp-block-heading\">9.1 Recht auf Best\u00e4tigung<\/h3>\n\n\n\n<p>Jede betroffene Person hat\ndas vom Europ\u00e4ischen Richtlinien- und Verordnungsge\u00adber einger\u00e4umte Recht, von\ndem f\u00fcr die Verarbeitung Verantwortlichen eine Best\u00e4ti\u00adgung dar\u00fcber zu\nverlangen, ob sie betreffende personenbezogene Daten verarbei\u00adtet werden.\nM\u00f6chte eine betroffene Person dieses Best\u00e4tigungsrecht in Anspruch nehmen, kann\nsie sich hierzu jederzeit an unseren Datenschutzbeauftragten oder einen anderen\nMitarbeiter des f\u00fcr die Verarbeitung Verantwortlichen wenden.<\/p>\n\n\n\n<h3 class=\"wp-block-heading\">9.2 Recht auf Auskunft<\/h3>\n\n\n\n<p>Jede von der Verarbeitung\npersonenbezogener Daten betroffene Person hat das vom Europ\u00e4ischen Richtlinien-\nund Verordnungsgeber gew\u00e4hrte Recht, jederzeit von dem f\u00fcr die Verarbeitung\nVerantwortlichen unentgeltliche Auskunft \u00fcber die zu seiner Person\ngespeicherten personenbezogenen Daten und eine Kopie dieser Auskunft zu erhalten.\nFerner hat der Europ\u00e4ische Richtlinien- und Verordnungsge\u00adber der betroffenen\nPerson Auskunft \u00fcber folgende Informationen zugestanden:<\/p>\n\n\n\n<ul class=\"wp-block-list\"><li>die Verarbeitungszwecke <ul><li>die Kategorien personenbezogener Daten, die verarbeitet werden <\/li><\/ul><ul><li>die Empf\u00e4nger oder Kategorien von Empf\u00e4ngern, gegen\u00fcber denen die\nper\u00adsonenbezogenen Daten offengelegt worden sind oder noch offengelegt wer\u00adden,\ninsbesondere bei Empf\u00e4ngern in Drittl\u00e4ndern oder bei internationalen\nOrganisationen <\/li><\/ul><ul><li>falls m\u00f6glich die geplante Dauer, f\u00fcr die die personenbezogenen\nDaten ge\u00adspeichert werden, oder, falls dies nicht m\u00f6glich ist, die Kriterien\nf\u00fcr die Festle\u00adgung dieser Dauer <\/li><\/ul><ul><li>das Bestehen eines Rechts auf Berichtigung oder L\u00f6schung der sie\nbetref\u00adfenden personenbezogenen Daten oder auf Einschr\u00e4nkung der Verarbeitung\ndurch den Verantwortlichen oder eines Widerspruchsrechts gegen diese Ver\u00adarbeitung\n<\/li><\/ul><ul><li>das Bestehen eines Beschwerderechts bei einer Aufsichtsbeh\u00f6rde <\/li><\/ul><ul><li>wenn die personenbezogenen Daten nicht bei der betroffenen Person\nerho\u00adben werden: Alle verf\u00fcgbaren Informationen \u00fcber die Herkunft der Daten <\/li><\/ul><ul><li>das Bestehen einer automatisierten Entscheidungsfindung\neinschlie\u00dflich Profiling gem\u00e4\u00df Artikel 22 Abs.1 und 4 DS-GVO und \u2014 zumindest in\ndiesen F\u00e4llen \u2014 aussagekr\u00e4ftige Informationen \u00fcber die involvierte Logik sowie\ndie Tragweite und die angestrebten Auswirkungen einer derartigen Verarbeitung\nf\u00fcr die betroffene Person <\/li><\/ul><\/li><\/ul>\n\n\n\n<p>Ferner steht der\nbetroffenen Person ein Auskunftsrecht dar\u00fcber zu, ob personenbe\u00adzogene Daten an\nein Drittland oder an eine internationale Organisation \u00fcbermittelt wurden.\nSofern dies der Fall ist, so steht der betroffenen Person im \u00dcbrigen das Recht\nzu, Auskunft \u00fcber die geeigneten Garantien im Zusammenhang mit der \u00dcber\u00admittlung\nzu erhalten.<\/p>\n\n\n\n<p>M\u00f6chte eine betroffene\nPerson dieses Auskunftsrecht in Anspruch nehmen, kann sie sich hierzu jederzeit\nan unseren Datenschutzbeauftragten oder einen anderen Mitarbeiter des f\u00fcr die\nVerarbeitung Verantwortlichen wenden.<\/p>\n\n\n\n<h3 class=\"wp-block-heading\">9.3 Recht auf Berichtigung<\/h3>\n\n\n\n<p>Jede von der Verarbeitung\npersonenbezogener Daten betroffene Person hat das vom Europ\u00e4ischen Richtlinien-\nund Verordnungsgeber gew\u00e4hrte Recht, die unver\u00adz\u00fcgliche Berichtigung sie\nbetreffender unrichtiger personenbezogener Daten zu ver\u00adlangen. Ferner steht\nder betroffenen Person das Recht zu, unter Ber\u00fccksichtigung der Zwecke der\nVerarbeitung, die Vervollst\u00e4ndigung unvollst\u00e4ndiger personenbezo\u00adgener Daten \u2014\nauch mittels einer erg\u00e4nzenden Erkl\u00e4rung \u2014 zu verlangen.<\/p>\n\n\n\n<p>M\u00f6chte eine betroffene\nPerson dieses Berichtigungsrecht in Anspruch nehmen, kann sie sich hierzu\njederzeit an unseren Datenschutzbeauftragten oder einen an\u00adderen Mitarbeiter\ndes f\u00fcr die Verarbeitung Verantwortlichen wenden.<\/p>\n\n\n\n<h3 class=\"wp-block-heading\">9.4 Recht auf L\u00f6schung (Recht auf Vergessen werden)<\/h3>\n\n\n\n<p>Jede von der Verarbeitung\npersonenbezogener Daten betroffene Person hat das vom Europ\u00e4ischen Richtlinien-\nund Verordnungsgeber gew\u00e4hrte Recht, von dem Verantwortlichen zu verlangen,\ndass die sie betreffenden personenbezogenen Da\u00adten unverz\u00fcglich gel\u00f6scht\nwerden, sofern einer der folgenden Gr\u00fcnde zutrifft und soweit die Verarbeitung\nnicht erforderlich ist:<\/p>\n\n\n\n<ul class=\"wp-block-list\"><li>Die personenbezogenen Daten wurden f\u00fcr solche Zwecke erhoben oder\nauf sonstige Weise verarbeitet, f\u00fcr welche sie nicht mehr notwendig sind. <ul><li>Die betroffene Person widerruft ihre Einwilligung, auf die sich\ndie Verarbei\u00adtung gem\u00e4\u00df Art. 6 Abs. 1 Buchstabe a DS-GVO oder Art. 9 Abs. 2\nBuchstabe a DS-GVO st\u00fctzte, und es fehlt an einer anderweitigen Rechtsgrundlage\nf\u00fcr die Verarbeitung. <\/li><\/ul><ul><li>Die betroffene Person legt gem\u00e4\u00df Art. 21 Abs. 1 DS-GVO Widerspruch\nge\u00adgen die Verarbeitung ein, und es liegen keine vorrangigen berechtigten Gr\u00fcn\u00adde\nf\u00fcr die Verarbeitung vor, oder die betroffene Person legt gem\u00e4\u00df Art. 21 Abs. 2\nDS-GVO Widerspruch gegen die Verarbeitung ein. <\/li><\/ul><ul><li>Die personenbezogenen Daten wurden unrechtm\u00e4\u00dfig verarbeitet. <\/li><\/ul><ul><li>Die L\u00f6schung der personenbezogenen Daten ist zur Erf\u00fcllung einer\nrechtli\u00adchen Verpflichtung nach dem Unionsrecht oder dem Recht der Mitgliedstaa\u00adten\nerforderlich, dem der Verantwortliche unterliegt. <\/li><\/ul><ul><li>Die personenbezogenen Daten wurden in Bezug auf angebotene Dienste\nder Informationsgesellschaft gem\u00e4\u00df Art. 8 Abs. 1 DS-GVO erhoben. <\/li><\/ul><\/li><\/ul>\n\n\n\n<p>Sofern einer der oben\ngenannten Gr\u00fcnde zutrifft und eine betroffene Person die L\u00f6\u00adschung von\npersonenbezogenen Daten, die bei der <Unternehmen> gespeichert sind,\nveranlassen m\u00f6chte, kann sie sich hierzu jederzeit an unseren Datenschutz\u00adbeauftragten\noder einen anderen Mitarbeiter des f\u00fcr die Verarbeitung Verantwortli\u00adchen\nwenden. Der Datenschutzbeauftragte der <Unternehmen> oder ein anderer\nMitarbeiter wird veranlassen, dass dem L\u00f6schverlangen unverz\u00fcglich nachgekom\u00admen\nwird.<\/p>\n\n\n\n<p>Wurden die\npersonenbezogenen Daten von der <Unternehmen> \u00f6ffentlich gemacht und ist\nunser Unternehmen als Verantwortlicher gem\u00e4\u00df Art. 17 Abs. 1 DS-GVO zur L\u00f6schung\nder personenbezogenen Daten verpflichtet, so trifft die <Unternehmen>\nunter Ber\u00fccksichtigung der verf\u00fcgbaren Technologie und der Implementierungskos\u00adten\nangemessene Ma\u00dfnahmen, auch technischer Art, um andere f\u00fcr die Datenver\u00adarbeitung\nVerantwortliche, welche die ver\u00f6ffentlichten personenbezogenen Daten\nverarbeiten, dar\u00fcber in Kenntnis zu setzen, dass die betroffene Person von\ndiesen anderen f\u00fcr die Datenverarbeitung Verantwortlichen die L\u00f6schung\ns\u00e4mtlicher Links zu diesen personenbezogenen Daten oder von Kopien oder\nReplikationen dieser personenbezogenen Daten verlangt hat, soweit die\nVerarbeitung nicht erforderlich ist. Der Datenschutzbeauftragte der\n<Unternehmen> oder ein anderer Mitarbeiter wird im Einzelfall das\nNotwendige veranlassen.<\/p>\n\n\n\n<h3 class=\"wp-block-heading\">9.5 Recht auf Einschr\u00e4nkung der Verarbeitung<\/h3>\n\n\n\n<p>Jede von der Verarbeitung\npersonenbezogener Daten betroffene Person hat das vom Europ\u00e4ischen Richtlinien-\nund Verordnungsgeber gew\u00e4hrte Recht, von dem Verantwortlichen die Einschr\u00e4nkung\nder Verarbeitung zu verlangen, wenn eine der folgenden Voraussetzungen gegeben\nist:<\/p>\n\n\n\n<ul class=\"wp-block-list\"><li>Die Richtigkeit der personenbezogenen Daten wird von der\nbetroffenen Per\u00adson bestritten, und zwar f\u00fcr eine Dauer, die es dem\nVerantwortlichen erm\u00f6g\u00adlicht, die Richtigkeit der personenbezogenen Daten zu\n\u00fcberpr\u00fcfen. <ul><li>Die Verarbeitung ist unrechtm\u00e4\u00dfig, die betroffene Person lehnt die\nL\u00f6schung der personenbezogenen Daten ab und verlangt stattdessen die Einschr\u00e4n\u00adkung\nder Nutzung der personenbezogenen Daten. <\/li><\/ul><ul><li>Der Verantwortliche ben\u00f6tigt die personenbezogenen Daten f\u00fcr die\nZwecke der Verarbeitung nicht l\u00e4nger, die betroffene Person ben\u00f6tigt sie jedoch\nzur Geltendmachung, Aus\u00fcbung oder Verteidigung von Rechtsanspr\u00fcchen. <\/li><\/ul><ul><li>Die betroffene Person hat Widerspruch gegen die Verarbeitung gem.\nArt. 21 Abs. 1 DS-GVO eingelegt und es steht noch nicht fest, ob die\nberechtigten Gr\u00fcnde des Verantwortlichen gegen\u00fcber denen der betroffenen Person\n\u00fcber\u00adwiegen. <\/li><\/ul><\/li><\/ul>\n\n\n\n<p>Sofern eine der oben\ngenannten Voraussetzungen gegeben ist und eine betroffene Person die\nEinschr\u00e4nkung von personenbezogenen Daten, die bei der <Unterneh\u00admen>\ngespeichert sind, verlangen m\u00f6chte, kann sie sich hierzu jederzeit an unse\u00adren\nDatenschutzbeauftragten oder einen anderen Mitarbeiter des f\u00fcr die Verarbei\u00adtung\nVerantwortlichen wenden. Der Datenschutzbeauftragte der <Unternehmen>\noder ein anderer Mitarbeiter wird die Einschr\u00e4nkung der Verarbeitung\nveranlassen.<\/p>\n\n\n\n<h3 class=\"wp-block-heading\">9.6 Recht auf Daten\u00fcbertragbarkeit<\/h3>\n\n\n\n<p>Jede von der Verarbeitung\npersonenbezogener Daten betroffene Person hat das vom Europ\u00e4ischen Richtlinien-\nund Verordnungsgeber gew\u00e4hrte Recht, die sie be\u00adtreffenden personenbezogenen\nDaten, welche durch die betroffene Person einem Verantwortlichen bereitgestellt\nwurden, in einem strukturierten, g\u00e4ngigen und ma\u00adschinenlesbaren Format zu\nerhalten. Sie hat au\u00dferdem das Recht, diese Daten ei\u00adnem anderen\nVerantwortlichen ohne Behinderung durch den Verantwortlichen, dem die\npersonenbezogenen Daten bereitgestellt wurden, zu \u00fcbermitteln, sofern die Ver\u00adarbeitung\nauf der Einwilligung gem\u00e4\u00df Art. 6 Abs. 1 Buchstabe a DS-GVO oder Art. 9 Abs. 2\nBuchstabe a DS-GVO oder auf einem Vertrag gem\u00e4\u00df Art. 6 Abs. 1 Buchsta\u00adbe b\nDS-GVO beruht und die Verarbeitung mithilfe automatisierter Verfahren erfolgt,\nsofern die Verarbeitung nicht f\u00fcr die Wahrnehmung einer Aufgabe erforderlich\nist, die im \u00f6ffentlichen Interesse liegt oder in Aus\u00fcbung \u00f6ffentlicher Gewalt\nerfolgt, wel\u00adche dem Verantwortlichen \u00fcbertragen wurde.<\/p>\n\n\n\n<p>Ferner hat die betroffene\nPerson bei der Aus\u00fcbung ihres Rechts auf Daten\u00fcbertrag\u00adbarkeit gem\u00e4\u00df Art. 20\nAbs. 1 DS-GVO das Recht, zu erwirken, dass die personen\u00adbezogenen Daten direkt\nvon einem Verantwortlichen an einen anderen Verantwortli\u00adchen \u00fcbermittelt\nwerden, soweit dies technisch machbar ist und sofern hiervon nicht die Rechte\nund Freiheiten anderer Personen beeintr\u00e4chtigt werden.<\/p>\n\n\n\n<p>Zur Geltendmachung des\nRechts auf Daten\u00fcbertragbarkeit kann sich die betroffene Person jederzeit an\nden von der <Unternehmen> bestellten Datenschutzbeauftrag\u00adten oder einen\nanderen Mitarbeiter wenden.<\/p>\n\n\n\n<h3 class=\"wp-block-heading\">9.7 Recht auf Widerspruch<\/h3>\n\n\n\n<p>Jede von der Verarbeitung\npersonenbezogener Daten betroffene Person hat das vom Europ\u00e4ischen Richtlinien-\nund Verordnungsgeber gew\u00e4hrte Recht, aus Gr\u00fcn\u00adden, die sich aus ihrer\nbesonderen Situation ergeben, jederzeit gegen die Verarbei\u00adtung sie\nbetreffender personenbezogener Daten, die aufgrund von Art. 6 Abs. 1 Buchstaben\ne oder f DS-GVO erfolgt, Widerspruch einzulegen. Dies gilt auch f\u00fcr ein auf\ndiese Bestimmungen gest\u00fctztes Profiling.<\/p>\n\n\n\n<p>KONTAKTE-KOHTAKTbI e.V.\nverarbeitet die personenbezogenen Daten im Falle des Widerspruchs nicht mehr,\nes sei denn, wir k\u00f6nnen zwingende schutzw\u00fcrdige Gr\u00fcnde f\u00fcr die Verarbeitung\nnachweisen, die den Interessen, Rechten und Freihei\u00adten der betroffenen Person\n\u00fcberwiegen, oder die Verarbeitung dient der Geltendma\u00adchung, Aus\u00fcbung oder\nVerteidigung von Rechtsanspr\u00fcchen.<\/p>\n\n\n\n<p>Verarbeitet\nKONTAKTE-KOHTAKTbI e.V. personenbezogene Daten, um Direktwer\u00adbung zu betreiben,\nso hat die betroffene Person das Recht, jederzeit Widerspruch gegen die\nVerarbeitung der personenbezogenen Daten zum Zwecke derartiger Werbung\neinzulegen. Dies gilt auch f\u00fcr das Profiling, soweit es mit solcher Direkt\u00adwerbung\nin Verbindung steht. Widerspricht die betroffene Person gegen\u00fcber KON\u00adTAKTE-KOHTAKTbI\ne.V. der Verarbeitung f\u00fcr Zwecke der Direktwerbung, so wird die\n<Unternehmen> die personenbezogenen Daten nicht mehr f\u00fcr diese Zwecke\nverarbeiten.<\/p>\n\n\n\n<p>Zudem hat die betroffene\nPerson das Recht, aus Gr\u00fcnden, die sich aus ihrer beson\u00adderen Situation\nergeben, gegen die sie betreffende Verarbeitung personenbezoge\u00adner Daten, die\nbei KONTAKTE-KOHTAKTbI e.V. zu wissenschaftlichen oder histori\u00adschen\nForschungszwecken oder zu statistischen Zwecken gem\u00e4\u00df Art. 89 Abs. 1 DS-GVO\nerfolgen, Widerspruch einzulegen, es sei denn, eine solche Verarbeitung ist zur\nErf\u00fcllung einer im \u00f6ffentlichen Interesse liegenden Aufgabe erforderlich.<\/p>\n\n\n\n<p>Zur Aus\u00fcbung des Rechts\nauf Widerspruch kann sich die betroffene Person direkt an den\nDatenschutzbeauftragten von KONTAKTE-KOHTAKTbI e.V. oder einen an\u00adderen\nMitarbeiter wenden. Der betroffenen Person steht es ferner frei, im Zusam\u00admenhang\nmit der Nutzung von Diensten der Informationsgesellschaft, ungeachtet der\nRichtlinie 2002\/58\/EG, ihr Widerspruchsrecht mittels automatisierter Verfahren\nauszu\u00fcben, bei denen technische Spezifikationen verwendet werden.<\/p>\n\n\n\n<h3 class=\"wp-block-heading\">9.8 Automatisierte Entscheidungen im Einzelfall einschlie\u00dflich Profiling<\/h3>\n\n\n\n<p>Jede von der Verarbeitung\npersonenbezogener Daten betroffene Person hat das vom Europ\u00e4ischen Richtlinien-\nund Verordnungsgeber gew\u00e4hrte Recht, nicht einer ausschlie\u00dflich auf einer\nautomatisierten Verarbeitung \u2014 einschlie\u00dflich Profiling \u2014 beruhenden\nEntscheidung unterworfen zu werden, die ihr gegen\u00fcber rechtliche Wir\u00adkung\nentfaltet oder sie in \u00e4hnlicher Weise erheblich beeintr\u00e4chtigt, sofern die Ent\u00adscheidung\n(1) nicht f\u00fcr den Abschluss oder die Erf\u00fcllung eines Vertrags zwischen der\nbetroffenen Person und dem Verantwortlichen erforderlich ist, oder (2) aufgrund\nvon Rechtsvorschriften der Union oder der Mitgliedstaaten, denen der\nVerantwortli\u00adche unterliegt, zul\u00e4ssig ist und diese Rechtsvorschriften\nangemessene Ma\u00dfnahmen zur Wahrung der Rechte und Freiheiten sowie der\nberechtigten Interessen der be\u00adtroffenen Person enthalten oder (3) mit\nausdr\u00fccklicher Einwilligung der betroffenen Person erfolgt.<\/p>\n\n\n\n<p>Ist die Entscheidung (1)\nf\u00fcr den Abschluss oder die Erf\u00fcllung eines Vertrags zwi\u00adschen der betroffenen\nPerson und dem Verantwortlichen erforderlich oder (2) erfolgt sie mit\nausdr\u00fccklicher Einwilligung der betroffenen Person, trifft die\n<Unternehmen> angemessene Ma\u00dfnahmen, um die Rechte und Freiheiten sowie\ndie berechtigten Interessen der betroffenen Person zu wahren, wozu mindestens\ndas Recht auf Er\u00adwirkung des Eingreifens einer Person seitens des\nVerantwortlichen, auf Darlegung des eigenen Standpunkts und auf Anfechtung der\nEntscheidung geh\u00f6rt.<\/p>\n\n\n\n<p>M\u00f6chte die betroffene\nPerson Rechte mit Bezug auf automatisierte Entscheidungen geltend machen, kann\nsie sich hierzu jederzeit an unseren Datenschutzbeauftrag\u00adten oder einen anderen\nMitarbeiter des f\u00fcr die Verarbeitung Verantwortlichen wen\u00adden.<\/p>\n\n\n\n<h3 class=\"wp-block-heading\">9.9 Recht auf Widerruf einer datenschutzrechtlichen Einwilligung<\/h3>\n\n\n\n<p>Jede von der Verarbeitung\npersonenbezogener Daten betroffene Person hat das vom Europ\u00e4ischen Richtlinien-\nund Verordnungsgeber gew\u00e4hrte Recht, eine Einwil\u00adligung zur Verarbeitung\npersonenbezogener Daten jederzeit zu widerrufen.<\/p>\n\n\n\n<p>M\u00f6chte die betroffene\nPerson ihr Recht auf Widerruf einer Einwilligung geltend ma\u00adchen, kann sie sich\nhierzu jederzeit an unseren Datenschutzbeauftragten oder ei\u00adnen anderen\nMitarbeiter des f\u00fcr die Verarbeitung Verantwortlichen wenden.<\/p>\n\n\n\n<h2 class=\"wp-block-heading\">10. Datenschutz bei Bewerbungen und im Bewerbungsverfahren<\/h2>\n\n\n\n<p>Der f\u00fcr die Verarbeitung Verantwortliche erhebt und verarbeitet die personenbezogenen Daten von Bewerbern zum Zwecke der Abwicklung des Bewerbungsverfahrens. Die Verar\u00adbeitung kann auch auf elektronischem Wege erfolgen. Dies ist insbesondere dann der Fall, wenn ein Bewerber entsprechende Bewerbungsunterlagen auf dem elektronischen Wege, beispielsweise per E-Mail&nbsp; an den f\u00fcr die Verarbeitung Verantwortlichen \u00fcbermittelt. Schlie\u00dft der f\u00fcr die Verarbeitung Verantwortliche einen Anstellungsvertrag mit einem Be\u00adwerber, werden die \u00fcbermittelten Daten zum Zwecke der Abwicklung des Besch\u00e4ftigungs\u00adverh\u00e4ltnisses unter Beachtung der gesetzlichen Vorschriften gespeichert. Wird von dem f\u00fcr die Verarbeitung Verantwortlichen kein Anstellungsvertrag mit dem Bewerber geschlos\u00adsen, so werden die Bewerbungsunterlagen zwei Monate nach Bekanntgabe der Absage\u00adentscheidung automatisch gel\u00f6scht, sofern einer L\u00f6schung keine sonstigen berechtigten Interessen des f\u00fcr die Verarbeitung Verantwortlichen entgegenstehen. Sonstiges berech\u00adtigtes Interesse in diesem Sinne ist beispielsweise eine Beweispflicht in einem Verfahren nach dem Allgemeinen Gleichbehandlungsgesetz (AGG<\/p>\n\n\n\n<h2 class=\"wp-block-heading\">11.&nbsp;&nbsp;&nbsp;&nbsp;&nbsp;&nbsp;&nbsp; <\/h2>\n\n\n\n<p><strong>Diese Datenschutzerkl\u00e4rung wurde auf der Basis der \u00fcber den Datenschutzerkl\u00e4\u00adrungs-Generator der DGD Deutsche Gesellschaft f\u00fcr Datenschutz GmbH zur Verf\u00fc\u00adgung gestellten Informationen erstellt. <\/strong><\/p>\n\n\n\n<h3 class=\"wp-block-heading\">Wordfence<\/h3>\n\n\n\n<p>Diese Seite nutzt das Sicherheits-Plugin WORDFENCE, um so die Website\n vor Hackerangriffen etc. zu sch\u00fctzen. Anbieter ist DEFIANT, 800 5th Ave\n Ste 4100, Seattle, WA 98104.<\/p>\n\n\n\n<p>Die bereitgestellte DSGVO-konforme Datenverarbeitungsvereinbarung wurde abgeschlossen.<\/p>\n\n\n\n<p>WORDFENCE setzt derzeit drei Cookies ein und nachfolgend wird \nerkl\u00e4rt, was jedes Cookie macht, wer das Cookie gesetzt hat und warum \ndas Cookie zum Schutz der Seite beitr\u00e4gt.<\/p>\n\n\n\n<p><strong>wfwaf-authcookie- (Hash) <\/strong>Was es tut: Dieses Cookie \nwird von der WORDFENCE-Firewall verwendet, um vor dem Laden von \nWordPress eine F\u00e4higkeitspr\u00fcfung des aktuellen Benutzers \ndurchzuf\u00fchren.&nbsp;Wer erh\u00e4lt dieses Cookie: Dieses Cookie wird nur f\u00fcr \nBenutzer festgelegt, die sich in WordPress einloggen k\u00f6nnen.&nbsp;Wie dieses \nCookie hilft: Mit diesem Cookie erkennt die WORDFENCE-Firewall \nangemeldete Benutzer und erm\u00f6glicht ihnen einen erh\u00f6hten Zugriff. \nWORDFENCE kann auch nicht angemeldete Benutzer erkennen und ihren \nZugriff auf sichere Bereiche einschr\u00e4nken. Das Cookie informiert die \nFirewall dar\u00fcber, welche Zugriffsebene ein Besucher hat, um der Firewall\n zu helfen, kluge Entscheidungen dar\u00fcber zu treffen, wer zugelassen \nwerden darf und wer blockiert werden soll.<\/p>\n\n\n\n<p><strong>wf_loginalerted_ (Hash) <\/strong>Was es bewirkt: Dieses \nCookie wird verwendet, um den WORDFENCE-Administrator zu \nbenachrichtigen, wenn sich ein Administrator von einem neuen Ger\u00e4t oder \nStandort aus anmeldet.&nbsp;Wer erh\u00e4lt dieses Cookie: Dieses Cookie ist nur \nf\u00fcr Administratoren festgelegt.&nbsp;Wie dieses Cookie hilft: Dieses Cookie \nhilft den Websitebetreibern zu wissen, ob ein Admin-Login von einem \nneuen Ger\u00e4t oder Standort aus stattgefunden hat.<\/p>\n\n\n\n<p><strong>wfCBLBypass <\/strong>Was es tut: WORDFENCE bietet einem \nSite-Besucher die M\u00f6glichkeit, die L\u00e4nderblockierung zu umgehen, indem \ner auf eine versteckte URL zugreift. Mit diesem Cookie kann \nnachvollzogen werden, wer die Sperrung des Landes umgehen darf.&nbsp;Wer \nerh\u00e4lt dieses Cookie: Wenn eine vom Site-Administrator definierte \nversteckte URL aufgerufen wird, wird mit diesem Cookie \u00fcberpr\u00fcft, ob der\n Benutzer auf die Site von einem Land aus zugreifen kann, das durch die \nSperrung des Landes beschr\u00e4nkt ist. Dies wird f\u00fcr jeden festgelegt, der \ndie URL kennt, die eine Umgehung der Standard-L\u00e4nderblockierung \nerm\u00f6glicht. Dieses Cookie wird nicht f\u00fcr jemanden gesetzt, der die \nversteckte URL nicht kennt, um die L\u00e4nderblockierung zu umgehen.&nbsp;Wie \ndieses Cookie hilft: Dieses Cookie gibt den Websitebesitzern die \nM\u00f6glichkeit, bestimmten Benutzern blockierte L\u00e4nder zu erlauben, obwohl \nihr Land gesperrt wurde.<\/p>\n\n\n\n<p>Mehr Informationen zum Umgang mit Nutzerdaten finden Sie in der Datenschutzerkl\u00e4rung von DEFIANT: <a href=\"https:\/\/www.wordfence.com\/privacy-policy\/\" target=\"_blank\" rel=\"noreferrer noopener\">https:\/\/www.WORDFENCE.com\/privacy-policy\/<\/a><\/p>\n\n\n\n<p><br><\/p>\n","protected":false},"excerpt":{"rendered":"<p>1. Allgemeine Informationen Wir freuen uns sehr \u00fcber Ihr Interesse an unserem Verein. Datenschutz hat einen&nbsp; hohen Stellenwert f\u00fcr den Vorstand. Eine Nutzung der Internetseiten von KONTAKTE-KOHTAKTbI e.V. ist grunds\u00e4tzlich ohne jede Angabe personenbezogener Daten m\u00f6glich. Sofern eine betroffene Person besondere Services unseres Vereins \u00fcber unsere Internetseite in An\u00adspruch nehmen m\u00f6chte, k\u00f6nnte jedoch eine Verarbeitung&#8230;<\/p>\n","protected":false},"author":5,"featured_media":0,"parent":0,"menu_order":0,"comment_status":"closed","ping_status":"closed","template":"","meta":{"_coblocks_attr":"","_coblocks_dimensions":"","_coblocks_responsive_height":"","_coblocks_accordion_ie_support":"","_uag_custom_page_level_css":"","footnotes":""},"class_list":["post-2454","page","type-page","status-publish","hentry"],"translation":{"provider":"WPGlobus","version":"3.0.2","language":"ru","enabled_languages":["de","ru"],"languages":{"de":{"title":true,"content":true,"excerpt":false},"ru":{"title":false,"content":false,"excerpt":false}}},"uagb_featured_image_src":{"full":false,"thumbnail":false,"medium":false,"medium_large":false,"large":false,"1536x1536":false,"2048x2048":false,"post-thumbnail":false,"graphy-post-thumbnail-large":false,"graphy-post-thumbnail-medium":false,"graphy-post-thumbnail-small":false,"graphy-page-thumbnail":false},"uagb_author_info":{"display_name":"KS","author_link":"https:\/\/kontakte-kontakty.de\/ru\/author\/kntktbrln999\/"},"uagb_comment_info":0,"uagb_excerpt":"1. Allgemeine Informationen Wir freuen uns sehr \u00fcber Ihr Interesse an unserem Verein. Datenschutz hat einen&nbsp; hohen Stellenwert f\u00fcr den Vorstand. Eine Nutzung der Internetseiten von KONTAKTE-KOHTAKTbI e.V. ist grunds\u00e4tzlich ohne jede Angabe personenbezogener Daten m\u00f6glich. Sofern eine betroffene Person besondere Services unseres Vereins \u00fcber unsere Internetseite in An\u00adspruch nehmen m\u00f6chte, k\u00f6nnte jedoch eine Verarbeitung...","_links":{"self":[{"href":"https:\/\/kontakte-kontakty.de\/ru\/wp-json\/wp\/v2\/pages\/2454","targetHints":{"allow":["GET"]}}],"collection":[{"href":"https:\/\/kontakte-kontakty.de\/ru\/wp-json\/wp\/v2\/pages"}],"about":[{"href":"https:\/\/kontakte-kontakty.de\/ru\/wp-json\/wp\/v2\/types\/page"}],"author":[{"embeddable":true,"href":"https:\/\/kontakte-kontakty.de\/ru\/wp-json\/wp\/v2\/users\/5"}],"replies":[{"embeddable":true,"href":"https:\/\/kontakte-kontakty.de\/ru\/wp-json\/wp\/v2\/comments?post=2454"}],"version-history":[{"count":6,"href":"https:\/\/kontakte-kontakty.de\/ru\/wp-json\/wp\/v2\/pages\/2454\/revisions"}],"predecessor-version":[{"id":2790,"href":"https:\/\/kontakte-kontakty.de\/ru\/wp-json\/wp\/v2\/pages\/2454\/revisions\/2790"}],"wp:attachment":[{"href":"https:\/\/kontakte-kontakty.de\/ru\/wp-json\/wp\/v2\/media?parent=2454"}],"curies":[{"name":"wp","href":"https:\/\/api.w.org\/{rel}","templated":true}]}}