{"id":135,"date":"2017-10-26T13:20:58","date_gmt":"2017-10-26T11:20:58","guid":{"rendered":"http:\/\/kontakte-kontakty.de\/?page_id=135"},"modified":"2026-04-27T14:03:52","modified_gmt":"2026-04-27T12:03:52","slug":"startseite","status":"publish","type":"page","link":"https:\/\/kontakte-kontakty.de\/ru\/","title":{"rendered":"Startseite"},"content":{"rendered":"\n\n\t<p>KONTAKTE-KO\u041dTAKTbI ist ein gemeinn\u00fctziger Verein, der sich f\u00fcr einen engen Austausch im Geiste des Humanismus mit den L\u00e4ndern des \u00f6stlichen Europas, Zentralasiens und des Kaukasus einsetzt. Der Verein f\u00f6rdert vor allem im internationalen Austausch interkulturelle Toleranz, Aufkl\u00e4rung \u00fcber Geschichte und Zuwendungen f\u00fcr die Opfer der NS-Zeit im \u00f6stlichen Europa, dem Kaukasus und Zentralasien. Humanit\u00e4re Hilfe und wissenschaftliche Vermittlung werden geleistet, wo das Gesundheitswesen in den Partnerl\u00e4ndern diese ben\u00f6tigt.<\/p>\n<h2>\n\t\tUnsere Spendenprojekte\n\t<\/h2>\n\t\t\t\t<a href=\"https:\/\/kontakte-kontakty.de\/buergerengagement-fuer-ns-opfer\/\" target=\"_self\" itemprop=\"url\">\n\t\t\t\t<img decoding=\"async\" src=\"https:\/\/kontakte-kontakty.de\/wp-content\/uploads\/bb-plugin\/cache\/KGF-Gurgen-Sargsjan-mit-seiner-Frau-337x236px-landscape.jpg\" alt=\"Gurgen Sargsjan mit seiner Frau\" itemprop=\"image\" height=\"236\" width=\"337\" title=\"KGF-Gurgen-Sargsjan-mit-seiner-Frau-337x236px\" onerror=\"this.style.display='none'\"  \/>\n\t\t\t\t<\/a>\n<h6><a href=\"https:\/\/kontakte-kontakty.de\/buergerengagement-fuer-ns-opfer\/\" target=\"_self\">B\u00fcrgerengagement f\u00fcr vergessene NS-Opfer: Sowjetische Kriegsgefangene, \u00dcberlebende der verbrannten D\u00f6rfer, Minderj\u00e4hrige H\u00e4ftlinge und Zwangsarbeiter*innen<\/a><\/h6>\t\t\n\t\t\t\t<a href=\"https:\/\/kontakte-kontakty.de\/shoa-ueberlebende-in-der-ukraine\/\" target=\"_self\" itemprop=\"url\">\n\t\t\t\t<img decoding=\"async\" src=\"https:\/\/kontakte-kontakty.de\/wp-content\/uploads\/bb-plugin\/cache\/Allukrainische-Assoziation-der-Juden-ehemalige-Haeftlinge-der-Ghettos-und-nazistischen-KZs-337x236px-landscape.jpg\" alt=\"Allukrainische Assoziation der Juden, ehemalige H\u00e4ftlinge der Ghettos und nazistischen KZs\" itemprop=\"image\" height=\"236\" width=\"337\" title=\"Allukrainische-Assoziation-der-Juden-ehemalige-Haeftlinge-der-Ghettos-und-nazistischen-KZs-337x236px\" onerror=\"this.style.display='none'\"  \/>\n\t\t\t\t<\/a>\n<h6><a href=\"https:\/\/kontakte-kontakty.de\/shoa-ueberlebende-in-der-ukraine\/\" target=\"_self\">Engagement f\u00fcr Shoa-\u00dcberlebende in der Ukraine: \u00dcberlebende der nationalsozialistischen Konzentrationslager und Ghettos<\/a><\/h6>\t\t\n\t\t\t\t<a href=\"https:\/\/kontakte-kontakty.de\/kinderleukaemie\/\" target=\"_self\" itemprop=\"url\">\n\t\t\t\t<img decoding=\"async\" src=\"https:\/\/kontakte-kontakty.de\/wp-content\/uploads\/bb-plugin\/cache\/leukaemiekranke-Kinder-337x236px-landscape.jpg\" alt=\"leukaemiekranke-Kinder-337x236px\" itemprop=\"image\" height=\"236\" width=\"337\" title=\"leukaemiekranke-Kinder-337x236px\" onerror=\"this.style.display='none'\"  \/>\n\t\t\t\t<\/a>\n<h6><a href=\"https:\/\/kontakte-kontakty.de\/kinderleukaemie\/\" target=\"_self\">Partnerschaft f\u00fcr leuk\u00e4miekranke Kinder: humanit\u00e4re Hilfe und F\u00f6rderung wissenschaftlicher Entwicklung<\/a><\/h6>\t\t\n<h2>\n\t\t<a href=\"https:\/\/kontakte-kontakty.de\/projekte\/\" title=\"Weitere Projekte\" target=\"_self\">\n\t\tWeitere Projekte\n\t\t<\/a>\n\t<\/h2>\n\t\t\t\t<a href=\"https:\/\/kontakte-kontakty.de\/jugend-und-bildungsprojekte\/\" target=\"_blank\" rel=\"noopener\"  itemprop=\"url\">\n\t\t\t\t<img decoding=\"async\" src=\"https:\/\/kontakte-kontakty.de\/wp-content\/uploads\/bb-plugin\/cache\/Arca-Project-oral-History-square.png\" alt=\"Arca Project oral History\" itemprop=\"image\" height=\"2834\" width=\"5000\" title=\"Arca Project oral History\" onerror=\"this.style.display='none'\"  \/>\n\t\t\t\t<\/a>\n<h6><a href=\"https:\/\/kontakte-kontakty.de\/jugend-und-bildungsprojekte\/\" target=\"_blank\"  rel=\"noopener\">Safeguarding oral history of the genocide of Roma in Ukraine<\/a><\/h6>\t\t\n\t\t\t\t<a href=\"https:\/\/kontakte-kontakty.de\/beratungsangebot-recherche-nach-familienangehoerigen-in-der-ns-zeit\/\" target=\"_blank\" rel=\"noopener\"  itemprop=\"url\">\n\t\t\t\t<img decoding=\"async\" src=\"https:\/\/kontakte-kontakty.de\/wp-content\/uploads\/bb-plugin\/cache\/kontakty_beratungen-landscape.jpg\" alt=\"Beratungsangebot: Recherche nach Familienangeh\u00f6rigen in der NS-Zeit\" itemprop=\"image\" height=\"671\" width=\"960\" title=\"kontakty_beratungen\" onerror=\"this.style.display='none'\"  \/>\n\t\t\t\t<\/a>\n<h6><a href=\"https:\/\/kontakte-kontakty.de\/beratungsangebot-recherche-nach-familienangehoerigen-in-der-ns-zeit\/\" target=\"_blank\"  rel=\"noopener\">Beratungsangebot: Recherche nach Familienangeh\u00f6rigen in der NS-Zeit<\/a><\/h6>\t\t\n\t\t\t\t<a href=\"https:\/\/kontakte-kontakty.de\/spendenaufruf-hilfsnetzwerk-fuer-ueberlebende-der-ns-verfolgung-in-der-ukraine\/\" target=\"_blank\" rel=\"noopener\"  itemprop=\"url\">\n\t\t\t\t<img decoding=\"async\" src=\"https:\/\/kontakte-kontakty.de\/wp-content\/uploads\/bb-plugin\/cache\/Hilfsnetzwerk-logo-landscape.png\" alt=\"Hilfsnetzwerk f\u00fcr \u00dcberlebende der NS-Verfolgung in der Ukraine\" itemprop=\"image\" height=\"1080\" width=\"1080\" title=\"Hilfsnetzwerk-logo\" onerror=\"this.style.display='none'\"  \/>\n\t\t\t\t<\/a>\n<h6><a href=\"https:\/\/kontakte-kontakty.de\/spendenaufruf-hilfsnetzwerk-fuer-ueberlebende-der-ns-verfolgung-in-der-ukraine\/\" target=\"_blank\"  rel=\"noopener\">Hilfsnetzwerk f\u00fcr \u00dcberlebende der NS-Verfolgung in der Ukraine<\/a><\/h6>\t\t\n\t\t\t\t<a href=\"https:\/\/kontakte-kontakty.de\/jugend-und-bildungsprojekte\/\" target=\"_self\" itemprop=\"url\">\n\t\t\t\t<img decoding=\"async\" src=\"https:\/\/kontakte-kontakty.de\/wp-content\/uploads\/bb-plugin\/cache\/Geschichtswerkstatt1-1-landscape.jpg\" alt=\"Projekt New views on history, Geschichtswerkstatt 1\" itemprop=\"image\" height=\"400\" width=\"600\" onerror=\"this.style.display='none'\"  \/>\n\t\t\t\t<\/a>\n<h6><a href=\"https:\/\/kontakte-kontakty.de\/jugend-und-bildungsprojekte\/\" target=\"_self\">Austausch- und Bildungsprojekte<\/a><\/h6>\t\t\n<h2>\n\t\tWir verurteilen den \u00dcberfall auf die Ukraine!\n\t<\/h2>\n\t<p>Liebe Vereinsmitglieder, liebe Freundinnen und Freunde von KONTAKTE-KOHTAKTbl,<\/p>\n<p>am 24. Februar, auf den Tag genau 32 Jahre nach der Gr\u00fcndung unseres Vereins, wurde der Gr\u00fcndungsgedanke in seinen Grundfesten ersch\u00fcttert. V\u00f6lkerrechtliche Prinzipien wie die staatliche Souver\u00e4nit\u00e4t und die territoriale Integrit\u00e4t wurden durch den Angriffskrieg des Pr\u00e4sidenten der Russischen F\u00f6deration gegen die Ukraine bedroht &#8211; mit verheerenden Folgen f\u00fcr die dortige Zivilbev\u00f6lkerung. Der neue Krieg in Europa hat unermessliches Leid f\u00fcr alle gebracht und ist durch nichts zu rechtfertigen.<\/p>\n<p>Von Beginn an hat sich KONTAKTE-KOHTAKTbI e. V. der F\u00f6rderung des Humanismus, der Verst\u00e4ndigung und interkulturellen Toleranz sowie der Aufkl\u00e4rung \u00fcber Geschichte und Zuwendungen f\u00fcr die Opfer der NS-Zeit in den L\u00e4ndern der ehemaligen Sowjetunion verschrieben. Gerade vor diesem Hintergrund k\u00f6nnen wir die zynische Umdeutung der Geschichte durch Vladimir Putin, die Gleichsetzung des ukrainischen Staates mit NS-Deutschland zur Rechtfertigung der Aggression, nicht hinnehmen. Diese Umdeutung von Geschichte zur Legitimation eines illegitimen Kriegs ist verwerflich und zutiefst beleidigend f\u00fcr das Gedenken an Millionen von Opfern des Nationalsozialismus und an diejenigen, die gegen ihn gek\u00e4mpft haben, darunter russische und ukrainische Soldatinnen und Soldaten der Roten Armee.<\/p>\n<p>Unsere Solidarit\u00e4t und unser Mitgef\u00fchl gilt den Menschen in der Ukraine, die um ihr Leben f\u00fcrchten. Unsere Solidarit\u00e4t gilt aber auch allen Menschen in Russland und der ganzen Welt, die ungeachtet aller Repressionen den Mut haben, sich gegen diesen Krieg zu stellen.<\/p>\n\t\t\t\t<a href=\"https:\/\/www.gedenkort-lebensraumpolitik.de\/\" target=\"_blank\" rel=\"noopener\"  itemprop=\"url\">\n\t\t\t\t<img decoding=\"async\" src=\"https:\/\/kontakte-kontakty.de\/wp-content\/uploads\/2020\/09\/terraoblita_logo239x92px.png\" alt=\"Terra Oblita Open Memory Map\" itemprop=\"image\" height=\"92\" width=\"239\" title=\"terraoblita_logo239x92px\" onerror=\"this.style.display='none'\"  \/>\n\t\t\t\t<\/a>\n<h3><a href=\"https:\/\/www.gedenkort-lebensraumpolitik.de\/\" target=\"_blank\"  rel=\"noopener\"><\/a><\/h3>\t\t\n\t\t\t<p><a href=\"https:\/\/terraoblita.com\/\" target=\"_blank\" rel=\"noopener\">Terra Oblita &#8211; Open Memory Map<\/a> ist eine internationale Plattform, die geschaffen wurde, um die Erinnerung an NS-Opfer wachzurufen, die keine oder wenig Ber\u00fccksichtigung in der \u00f6ffentlichen Erinnerungskultur finden. Die Plattform m\u00f6chte dazu motivieren, sich f\u00fcr die lokale Erinnerung an die NS-Opfer einzusetzen, nach Informationen \u00fcber weitgehend unbekannte Erinnerungsorte zu recherchieren. Sie ist eine interaktive Karte, auf der Besucher*innen eigene Recherchen zu einem Erinnerungsort ver\u00f6ffentlichen k\u00f6nnen. Terra Oblita entstand als Teil des Projektes <a href=\"https:\/\/kontakte-kontakty.de\/memory-wiki\/\">Memory-Wiki<\/a>.<\/p>\n<h3>\n\t\t<a href=\"https:\/\/kontakte-kontakty.de\/new-views-on-history\/\" title=\"Unterrichtsentw\u00fcrfe zum NS-Vernichtungskrieg gegen die Sowjetunion\" target=\"_self\">\n\t\tUnterrichtsentw\u00fcrfe zum NS-Vernichtungskrieg gegen die Sowjetunion\n\t\t<\/a>\n\t<\/h3>\n\t<p>Die Unterrichtsentw\u00fcrfe f\u00fcr das Fach Geschichte zum Thema \u201eVernichtungskrieg in der Sowjetunion aus der Perspektive von \u201avergessenen&#8217; NS-Opfern&#8221;.<\/p>\n<p>Die Unterrichtsentw\u00fcrfe sind im Rahmen des Projekts \u201e<a href=\"https:\/\/kontakte-kontakty.de\/new-views-on-history\/\">New views on history<\/a> &#8211; Geschichtslehrkr\u00e4fte aus Russland, Belarus, der Ukraine und Deutschland erarbeiten Unterrichtsentw\u00fcrfe zu NS-Vernichtungskrieg&#8221; 2019 bis 2021 entstanden.<\/p>\n<p>Die Unterrichtsentw\u00fcrfe stehen zum kostenlosen <a href=\"https:\/\/kontakte-kontakty.de\/new-views-on-history\/\">Download<\/a> f\u00fcr die Nutzung von nicht kommerzieller Bildungszwecke bereit.<\/p>\n\t\t\t\t<a href=\"https:\/\/www.gedenkort-lebensraumpolitik.de\/\" target=\"_blank\" rel=\"noopener\"  itemprop=\"url\">\n\t\t\t\t<img decoding=\"async\" src=\"https:\/\/kontakte-kontakty.de\/wp-content\/uploads\/2021\/05\/Logo_Gedenkort_326px.jpg\" alt=\"Logo der Initiative Gedenkort f\u00fcr die Opfer der NS-\u201eLebensraum\"-Politik\" itemprop=\"image\" height=\"92\" width=\"326\" title=\"Logo_Gedenkort_326px\" onerror=\"this.style.display='none'\"  \/>\n\t\t\t\t<\/a>\n<h3><a href=\"https:\/\/www.gedenkort-lebensraumpolitik.de\/\" target=\"_blank\"  rel=\"noopener\"><\/a><\/h3>\t\t\n\t\t\t<p>Ein Anliegen von KONTAKTE-KOHTAKTbI ist die Aufarbeitung nationalsozialistischer Verbrechen in Osteuropa. Die dem Verein verbundene Initiative Gedenkort f\u00fcr die Opfer der NS-\u201eLebensraum&#8221;-Politik setzt sich in diesem Sinne f\u00fcr eine Erweiterung des Gedenkens im Zentrum Berlins ein.<\/p>\n<p>Ziel der Initiative ist die Schaffung eines Informations- und Gedenkortes, der an die Opfer des deutschen Vernichtungskrieges und der daraus folgenden Besatzungsherrschaft erinnert und so eine bestehende Leerstelle in der bisherigen Erinnerungskultur f\u00fcllt.<\/p>\n<h2>\n\t\t<a href=\"https:\/\/kontakte-kontakty.de\/category\/veranstaltungen\/\" title=\"Veranstaltungen\" target=\"_self\">\n\t\tVeranstaltungen\n\t\t<\/a>\n\t<\/h2>\n<h2>\n\t\t<a href=\"https:\/\/kontakte-kontakty.de\/ueber-uns\/\" title=\"Der Verein\" target=\"_self\">\n\t\tDer Verein\n\t\t<\/a>\n\t<\/h2>\n\t<p>Die Geschichte der Beziehungen zwischen unseren L\u00e4ndern ist reich an nachwirkenden Verletzungen und geteilten Erfahrungen. Es bedarf des dichten Austauschs von Ideen und der pers\u00f6nlichen Begegnungen zur \u00dcberwindung unserer Klischees und Fehlwahrnehmungen. Das geschieht in unseren multinationalen Projekten zur Geschichtserinnerung, durch Vortr\u00e4ge, Workshops, Ausstellungen und Publikationen.<\/p>\n<p>Unsere Solidarit\u00e4t gilt vergessenen NS-Opfern in L\u00e4ndern der ehemaligen Sowjetunion: sowjetischen Kriegsgefangenen, KZ- und Ghetto\u00fcberlebenden, minderj\u00e4hrigen Zwangsarbeitern und \u00dcberlebenden der \u201everbrannten D\u00f6rfer&#8221;. Im Rahmen des Projekts \u201eB\u00fcrger-Engagement f\u00fcr vergessene NS-Opfer&#8221; haben wir seit 2003 \u00fcber 10.000 Personen 5 Mio. \u20ac \u00fcbergeben.<\/p>\n<p>Seit 1990 unterst\u00fctzen wir im Projekt \u201ePartnerschaft f\u00fcr leuk\u00e4miekranke Kinder in Russland und Belarus&#8221; das Moskau-Berlin-Protokoll, nach dem j\u00e4hrlich viele hundert leuk\u00e4miekranke Kinder in Russland und weiteren L\u00e4ndern behandelt werden.<\/p>\n<p>In unserem Berliner Domizil finden regelm\u00e4\u00dfig Veranstaltungen zu Kultur, Geschichte und Politik von L\u00e4ndern der ehemaligen Sowjetunion statt, die allen Interessierten offenstehen.<\/p>\n\t\t\t\t<img decoding=\"async\" src=\"https:\/\/kontakte-kontakty.de\/wp-content\/uploads\/2020\/09\/kontakte-fenster1000px.jpg\" alt=\"B\u00fcro KONTAKTE-KOHTAKTbI\" itemprop=\"image\" height=\"910\" width=\"1000\" title=\"kontakte-fenster1000px\" onerror=\"this.style.display='none'\"  \/>\n\t\t\t<a href=\"https:\/\/kontakte-kontakty.de\/ueber-uns\/\" target=\"_self\" role=\"button\">\n\t\t\t\t\t\t\tMehr \u00fcber KONTAKTE-KO\u041dTAKTbI\n\t\t\t\t\t<\/a>\n<h2>\n\t\t<a href=\"https:\/\/kontakte-kontakty.de\/mitglied-werdenspenden\/\" title=\"M\u00f6chten Sie uns unterst\u00fctzen?\" target=\"_self\">\n\t\tM\u00f6chten Sie uns unterst\u00fctzen?\n\t\t<\/a>\n\t<\/h2>\n\t\t\n\t\t<p>Unser Verein erh\u00e4lt keinerlei institutionelle F\u00f6rderung. F\u00fcr unsere Arbeit sind wir deshalb auf <strong>F\u00f6rdermitglieder<\/strong> angewiesen, die diese regelm\u00e4\u00dfig und verl\u00e4sslich unterst\u00fctzen. Auch unsere humanit\u00e4ren Projekte werden fast ausschlie\u00dflich durch <strong>Einzelspenden<\/strong> erm\u00f6glicht.<\/p>\n\t\t\t<a href=\"https:\/\/kontakte-kontakty.de\/mitglied-werden-spenden\/\" target=\"_self\" role=\"button\">\n\t\t\t\t\t\t\tSPENDEN UND F\u00d6RDERN\n\t\t\t\t\t<\/a>\n<h2>\n\t\t<a href=\"https:\/\/kontakte-kontakty.de\/category\/publikationen-und-ausstellungen\/\" title=\"Publikationen\" target=\"_self\">\n\t\tPublikationen\n\t\t<\/a>\n\t<\/h2>\n<h2>\n\t\t<a href=\"https:\/\/kontakte-kontakty.de\/briefe-von-ns-opfern\/\" title=\"Briefe der vergessenen NS-Opfern\" target=\"_self\">\n\t\tBriefe der vergessenen NS-Opfern\n\t\t<\/a>\n\t<\/h2>\n\t<p>KONTAKTE-\u041a\u041e\u041d\u0422\u0410\u041a\u0422\u042b bat ehemalige <strong>sowjetische Kriegsgefangene<\/strong>, <strong>\u00dcberlebende der verbrannten D\u00f6rfer <\/strong>in Belarus sowie <strong>\u00dcberlebende der Schoah <\/strong>in der Ukraine, denen der Verein eine Geste der Anerkennung erlittenen Unrechts \u00fcbermittelte, ihre Erinnerungen an das ihnen durch die deutschen Besatzer zugef\u00fcgte Leid aufzuschreiben. Um die \u00d6ffentlichkeit in Deutschland \u00fcber diese NS-Verbrechen aufzukl\u00e4ren, ver\u00f6ffentlichten wir von Juni 2006 bis Ende Dezember 2016 insgesamt 526 Briefe ehemaliger sowjetischer Kriegsgefangener als &#8220;Freitagsbriefe&#8221;. Seit Juni 2017 ver\u00f6ffentlichen wir Briefe der \u00dcberlebenden verbrannter D\u00f6rfer in Belarus und der \u00dcberlebenden der Schoah aus unserem Archiv. Seit Februar 2020 widmen wir uns noch einer Gruppe von NS-Opfern in der Ukraine &#8211; <strong>ehemaligen &#8220;minderj\u00e4hrigen H\u00e4ftlingen&#8221;<\/strong>. Auch ihre Geschichten erreichen uns und k\u00f6nnen auf unserer Webseite und <a href=\"https:\/\/www.facebook.com\/kontaktekontakty\" target=\"_blank\" rel=\"noreferrer noopener\" aria-label=\"undefined (opens in a new tab)\">Facebook-Seite<\/a> gelesen werden.<\/p>\n\t\t\t<a href=\"https:\/\/kontakte-kontakty.de\/category\/briefe-ehemaliger-sowjetischer-kriegsgefangener\/\" target=\"_self\" role=\"button\">\n\t\t\t\t\t\t\tSowjetische Kriegsgefangener\n\t\t\t\t\t<\/a>\n\t\t\t<a href=\"https:\/\/kontakte-kontakty.de\/category\/briefe-ehemaliger-minderjaehrigen-haeftlinge\/\" target=\"_self\" role=\"button\">\n\t\t\t\t\t\t\t&#8220;Minderj\u00e4hrige H\u00e4ftlinge&#8221;\n\t\t\t\t\t<\/a>\n\t\t\t<a href=\"https:\/\/kontakte-kontakty.de\/category\/juedisch-ukrainische-briefe\/\" target=\"_self\" role=\"button\">\n\t\t\t\t\t\t\t\u00dcberlebende der Shoa\n\t\t\t\t\t<\/a>\n\t\t\t<a href=\"https:\/\/kontakte-kontakty.de\/category\/briefe-der-ueberlebenden-verbrannter-doerfer-belarus\/\" target=\"_self\" role=\"button\">\n\t\t\t\t\t\t\t\u00dcberlebende verbrannter D\u00f6rfer\n\t\t\t\t\t<\/a>\n<h2>\n\t\t<a href=\"https:\/\/kontakte-kontakty.de\/category\/meldungen\/\" title=\"Letzte Beitr\u00e4ge\" target=\"_self\">\n\t\tLetzte Beitr\u00e4ge\n\t\t<\/a>\n\t<\/h2>\n\n","protected":false},"excerpt":{"rendered":"<p>KONTAKTE-KO\u041dTAKTbI ist ein gemeinn\u00fctziger Verein, der sich f\u00fcr einen engen Austausch im Geiste des Humanismus mit den L\u00e4ndern des \u00f6stlichen Europas, Zentralasiens und des Kaukasus einsetzt. Der Verein f\u00f6rdert vor allem im internationalen Austausch interkulturelle Toleranz, Aufkl\u00e4rung \u00fcber Geschichte und Zuwendungen f\u00fcr die Opfer der NS-Zeit im \u00f6stlichen Europa, dem Kaukasus und Zentralasien. Humanit\u00e4re Hilfe&#8230;<\/p>\n","protected":false},"author":5,"featured_media":0,"parent":0,"menu_order":0,"comment_status":"closed","ping_status":"closed","template":"template-page-builder.php","meta":{"_coblocks_attr":"","_coblocks_dimensions":"","_coblocks_responsive_height":"","_coblocks_accordion_ie_support":"","_uag_custom_page_level_css":"","footnotes":""},"class_list":["post-135","page","type-page","status-publish","hentry"],"translation":{"provider":"WPGlobus","version":"3.0.2","language":"ru","enabled_languages":["de","ru"],"languages":{"de":{"title":true,"content":true,"excerpt":false},"ru":{"title":false,"content":false,"excerpt":false}}},"uagb_featured_image_src":{"full":false,"thumbnail":false,"medium":false,"medium_large":false,"large":false,"1536x1536":false,"2048x2048":false,"post-thumbnail":false,"graphy-post-thumbnail-large":false,"graphy-post-thumbnail-medium":false,"graphy-post-thumbnail-small":false,"graphy-page-thumbnail":false},"uagb_author_info":{"display_name":"KS","author_link":"https:\/\/kontakte-kontakty.de\/ru\/author\/kntktbrln999\/"},"uagb_comment_info":0,"uagb_excerpt":"KONTAKTE-KO\u041dTAKTbI ist ein gemeinn\u00fctziger Verein, der sich f\u00fcr einen engen Austausch im Geiste des Humanismus mit den L\u00e4ndern des \u00f6stlichen Europas, Zentralasiens und des Kaukasus einsetzt. Der Verein f\u00f6rdert vor allem im internationalen Austausch interkulturelle Toleranz, Aufkl\u00e4rung \u00fcber Geschichte und Zuwendungen f\u00fcr die Opfer der NS-Zeit im \u00f6stlichen Europa, dem Kaukasus und Zentralasien. Humanit\u00e4re Hilfe...","_links":{"self":[{"href":"https:\/\/kontakte-kontakty.de\/ru\/wp-json\/wp\/v2\/pages\/135","targetHints":{"allow":["GET"]}}],"collection":[{"href":"https:\/\/kontakte-kontakty.de\/ru\/wp-json\/wp\/v2\/pages"}],"about":[{"href":"https:\/\/kontakte-kontakty.de\/ru\/wp-json\/wp\/v2\/types\/page"}],"author":[{"embeddable":true,"href":"https:\/\/kontakte-kontakty.de\/ru\/wp-json\/wp\/v2\/users\/5"}],"replies":[{"embeddable":true,"href":"https:\/\/kontakte-kontakty.de\/ru\/wp-json\/wp\/v2\/comments?post=135"}],"version-history":[{"count":128,"href":"https:\/\/kontakte-kontakty.de\/ru\/wp-json\/wp\/v2\/pages\/135\/revisions"}],"predecessor-version":[{"id":5735,"href":"https:\/\/kontakte-kontakty.de\/ru\/wp-json\/wp\/v2\/pages\/135\/revisions\/5735"}],"wp:attachment":[{"href":"https:\/\/kontakte-kontakty.de\/ru\/wp-json\/wp\/v2\/media?parent=135"}],"curies":[{"name":"wp","href":"https:\/\/api.w.org\/{rel}","templated":true}]}}